{"id":4481,"date":"2018-04-01T12:28:30","date_gmt":"2018-04-01T10:28:30","guid":{"rendered":"https:\/\/www.raiels.cat\/?post_type=portfolio&#038;p=4481"},"modified":"2018-07-04T12:32:19","modified_gmt":"2018-07-04T10:32:19","slug":"jornada-tecnica-sobre-comercializacion-para-pequenas-empresas-agroalimentarias","status":"publish","type":"portfolio","link":"https:\/\/www.raiels.cat\/es\/projecte\/jornada-tecnica-sobre-comercializacion-para-pequenas-empresas-agroalimentarias\/","title":{"rendered":"Jornada t\u00e9cnica sobre comercializaci\u00f3n para peque\u00f1as empresas agroalimentarias"},"content":{"rendered":"<p><img decoding=\"async\" src=\"https:\/\/www.raiels.cat\/wp-content\/uploads\/2018\/07\/Jornada-comercialitzaci\u00f3-ECA.jpg\" alt=\"Jornada comercialitzaci\u00f3 ECA\" \/><\/p>\n<p>800<\/p>\n<p>center<\/p>\n<p>fadeInLeft<\/p>\n<h5>Descripci\u00f3n:<\/h5>\n<p>Formaci\u00f3n dirigida a peque\u00f1as <strong>empresas agroalimentarias<\/strong> en proceso de creaci\u00f3n o recientemente creadas, que tiene por objetivo ofrecer una visi\u00f3n general sobre los <strong>circuitos cortos de comercializaci\u00f3n <\/strong>existentes para productos agroalimentarios (en la finca u obrador, en el mercado, on-line, a domicilio, cooperativas de consumidores, restauraci\u00f3n, tiendas especializadas, etc.), las ventajas e inconvenientes de cada uno de ellos, y aportar as\u00ed informaci\u00f3n \u00fatil que ayude al productor a definir su propia estrategia.<\/p>\n<p>La sesi\u00f3n combina la presentaci\u00f3n de contenidos te\u00f3ricos, ejemplos, y la realizaci\u00f3n de un ejercicio pr\u00e1ctico, que ayude a las personas asistentes a definir o revisar su estrategia de comercializaci\u00f3n.<\/p>\n<p>Cliente:<\/p>\n<p><i class=\"icon-vcard\" style=\"\" aria-hidden=\"true\"><\/i> <a href=\"http:\/\/agricultura.gencat.cat\/ca\/ambits\/formacio-innovacio\/escoles-agraries\/escola-agraria-solsones\/\">Escuela Agraria del Solson\u00e8s<\/a><\/p>\n<h5 style=\"margin-bottom: 5px;\">Fecha:<\/h5>\n<p><i class=\"icon-back-in-time\" style=\"\" aria-hidden=\"true\"><\/i>Abril 2018<\/p>\n<p><div class=\"share_wrapper share_item\"><span class=\"st_facebook_vcount\"><\/span><span class=\"st_twitter_vcount\"><\/span><span class=\"st_pinterest_vcount\"><\/span><\/div><u><\/u><\/p>\n<p>Style CSS<\/p>\n<style>\n.single-photo-wrapper, .project-description { display: none; }<br \/><\/style>\n<p>no-repeat;center top;;<\/p>\n<p>auto<\/p>\n","protected":false},"excerpt":{"rendered":"<p>Jornada enfocada cercar estrat\u00e8gies de col\u2022laboraci\u00f3 entre productors agroalimentaris i responsables d\u2019equipaments tur\u00edstics visitables<\/p>\n","protected":false},"author":4,"featured_media":4483,"menu_order":1,"comment_status":"closed","ping_status":"closed","template":"","meta":{"inline_featured_image":false},"portfolio-types":[42],"class_list":["post-4481","portfolio","type-portfolio","status-publish","has-post-thumbnail","hentry","portfolio-types-agricultura-gastronomia-y-producto-local"],"_links":{"self":[{"href":"https:\/\/www.raiels.cat\/es\/wp-json\/wp\/v2\/portfolio\/4481","targetHints":{"allow":["GET"]}}],"collection":[{"href":"https:\/\/www.raiels.cat\/es\/wp-json\/wp\/v2\/portfolio"}],"about":[{"href":"https:\/\/www.raiels.cat\/es\/wp-json\/wp\/v2\/types\/portfolio"}],"author":[{"embeddable":true,"href":"https:\/\/www.raiels.cat\/es\/wp-json\/wp\/v2\/users\/4"}],"replies":[{"embeddable":true,"href":"https:\/\/www.raiels.cat\/es\/wp-json\/wp\/v2\/comments?post=4481"}],"wp:featuredmedia":[{"embeddable":true,"href":"https:\/\/www.raiels.cat\/es\/wp-json\/wp\/v2\/media\/4483"}],"wp:attachment":[{"href":"https:\/\/www.raiels.cat\/es\/wp-json\/wp\/v2\/media?parent=4481"}],"wp:term":[{"taxonomy":"portfolio-types","embeddable":true,"href":"https:\/\/www.raiels.cat\/es\/wp-json\/wp\/v2\/portfolio-types?post=4481"}],"curies":[{"name":"wp","href":"https:\/\/api.w.org\/{rel}","templated":true}]}}