{"id":3253,"date":"2017-05-08T15:00:01","date_gmt":"2017-05-08T13:00:01","guid":{"rendered":"https:\/\/www.raiels.cat\/es\/projecte\/sessions-formatives-recull-dactivitats-suport-teixit-empresarial-diputacio-barcelona\/"},"modified":"2020-01-20T12:42:22","modified_gmt":"2020-01-20T10:42:22","slug":"sessions-formatives-recull-dactivitats-suport-teixit-empresarial-diputacio-barcelona","status":"publish","type":"portfolio","link":"https:\/\/www.raiels.cat\/es\/projecte\/sessions-formatives-recull-dactivitats-suport-teixit-empresarial-diputacio-barcelona\/","title":{"rendered":"Sesiones formativas para la Recopilaci\u00f3n de actividades de apoyo al tejido empresarial de la Diputaci\u00f3n de Barcelona"},"content":{"rendered":"<p>0808ttp:\/\/www.raiels.cat\/wp-content\/uploads\/2016\/02\/Recull-DIBA.png<\/p>\n<p>800<\/p>\n<p>fadeInLeft<\/p>\n<p>Descripci\u00f3n<\/p>\n<h5 style=\"margin-bottom: 5px;\">Descripci\u00f3n:<\/h5>\n<p>Participamos como empresa consultora ofreciendo dos actividades a la<a href=\"http:\/\/www.diba.cat\/web\/economieslocals\/recull-d-activitats-empresarials\"> Recopilaci\u00f3n de actividades de apoyo al tejido empresarial de la Diputaci\u00f3n de Barcelona 2016 <\/a>, dirigidas especialmente a los entes que forman parte de la <a> Red de Productos de la Tierra<\/a>:<\/p>\n<ul>\n<li>Sesi\u00f3n informativa SMK31 (p\u00e1gina 171). <b> C\u00f3mo poner en valor nuestros distintivos y marcas col\u00b7lectivas? Tiene por objetivo concienciar sobre la importancia de los distintivos \/ marcas col\u00b7lectivas como estrategia de posicionamiento empresarial y sectorial y facilitar herramientas para su puesta en valor. 4 horas<\/b><\/li>\n<li>Sesi\u00f3n de networking DN \/ 5 (p\u00e1gina 186). <b> \u00abEnxarxa&#8217;t\u00bb. Sesi\u00f3n de networking entre empresas de productos alimenticios locales y de calidad y restaurantes y \/ o comercios del territorio. Tiene por objetivo promover el establecimiento de sinergias y acuerdos comerciales entre las empresas de productos alimenticios locales y de calidad de un territorio y los establecimientos de restauraci\u00f3n y comercios del mismo territori. 4 horas<\/b><\/li>\n<\/ul>\n<h5 style=\"margin-bottom: 5px;\">Cliente:<\/h5>\n<p><i class=\"icon-vcard\" style=\"\" aria-hidden=\"true\"><\/i> En locales de la prov\u00edncia de Barcelona<\/p>\n<h5 style=\"margin-bottom: 5px;\">Fecha:<\/h5>\n<p><i class=\"icon-back-in-time\" style=\"\" aria-hidden=\"true\"><\/i> 2016<\/p>\n<div class=\"share_wrapper share_item\"><span class=\"st_facebook_vcount\"><\/span><span class=\"st_twitter_vcount\"><\/span><span class=\"st_pinterest_vcount\"><\/span><\/div>\n<p>no-repeat;center top;;<\/p>\n<p>fadeInRight<\/p>\n<p>Style CSS<\/p>\n<style>\n.single-photo-wrapper, .project-description { display: none; }<br \/><\/style>\n<p>no-repeat;center top;;<\/p>\n","protected":false},"excerpt":{"rendered":"<p>Sesiones formativas a la Recopilaci\u00f3n de actividades de apoyo al tejido empresarial de la Diputaci\u00f3n de Barcelona.<\/p>\n","protected":false},"author":3,"featured_media":3236,"menu_order":12,"comment_status":"open","ping_status":"closed","template":"","meta":{"inline_featured_image":false},"portfolio-types":[42],"class_list":["post-3253","portfolio","type-portfolio","status-publish","has-post-thumbnail","hentry","portfolio-types-agricultura-gastronomia-y-producto-local"],"_links":{"self":[{"href":"https:\/\/www.raiels.cat\/es\/wp-json\/wp\/v2\/portfolio\/3253","targetHints":{"allow":["GET"]}}],"collection":[{"href":"https:\/\/www.raiels.cat\/es\/wp-json\/wp\/v2\/portfolio"}],"about":[{"href":"https:\/\/www.raiels.cat\/es\/wp-json\/wp\/v2\/types\/portfolio"}],"author":[{"embeddable":true,"href":"https:\/\/www.raiels.cat\/es\/wp-json\/wp\/v2\/users\/3"}],"replies":[{"embeddable":true,"href":"https:\/\/www.raiels.cat\/es\/wp-json\/wp\/v2\/comments?post=3253"}],"wp:featuredmedia":[{"embeddable":true,"href":"https:\/\/www.raiels.cat\/es\/wp-json\/wp\/v2\/media\/3236"}],"wp:attachment":[{"href":"https:\/\/www.raiels.cat\/es\/wp-json\/wp\/v2\/media?parent=3253"}],"wp:term":[{"taxonomy":"portfolio-types","embeddable":true,"href":"https:\/\/www.raiels.cat\/es\/wp-json\/wp\/v2\/portfolio-types?post=3253"}],"curies":[{"name":"wp","href":"https:\/\/api.w.org\/{rel}","templated":true}]}}